{"id":1221,"date":"2019-06-05T14:03:57","date_gmt":"2019-06-05T14:03:57","guid":{"rendered":"https:\/\/oknarener.sk\/?page_id=1221"},"modified":"2019-06-05T14:03:58","modified_gmt":"2019-06-05T14:03:58","slug":"adatvedelmi-nyilatkozat","status":"publish","type":"page","link":"https:\/\/oknarener.sk\/hu\/adatvedelmi-nyilatkozat\/","title":{"rendered":"Adatv\u00e9delmi nyilatkozat"},"content":{"rendered":"\n<p>A www.oknarener.sk weboldalt m\u0171k\u00f6dtet\u0151 RENER, s.r.o. &#8211; J\u00f3kaiho 71\/2797 943 60 N\u00e1na &#8211;<strong> I\u010cO<\/strong>44708301 &#8211; <strong>DI\u010c<\/strong>2022814552  (tov\u00e1bbiakban \u201eweboldal \u00fczemeltet\u0151\u201d) kiemelten fontos k\u00e9rd\u00e9sk\u00e9nt kezeli a honlap haszn\u00e1lat\u00e1b\u00f3l sz\u00e1rmaz\u00f3 szem\u00e9lyes adatok biztons\u00e1g\u00e1t. T\u00e1j\u00e9koztat\u00f3 rendelkez\u00e9seinek kialak\u00edt\u00e1sakor a t\u00e1rsas\u00e1g k\u00fcl\u00f6n\u00f6s tekintettel vette figyelembe az Eur\u00f3pai Parlament \u00e9s a Tan\u00e1cs 2016\/679 Rendelet\u00e9ben (\u201e\u00c1ltal\u00e1nos Adatv\u00e9delmi Rendelet\u201d vagy \u201eGDPR\u201d), az inform\u00e1ci\u00f3s \u00f6nrendelkez\u00e9si jogr\u00f3l \u00e9s az inform\u00e1ci\u00f3szabads\u00e1gr\u00f3l sz\u00f3l\u00f3 2011. \u00e9vi CXII. t\u00f6rv\u00e9ny (\u201eInfotv.\u201d), a Polg\u00e1ri T\u00f6rv\u00e9nyk\u00f6nyvr\u0151l sz\u00f3l\u00f3 2013. \u00e9vi V. t\u00f6rv\u00e9ny (\u201ePtk.\u201d), tov\u00e1bb\u00e1 a gazdas\u00e1gi rekl\u00e1mtev\u00e9kenys\u00e9g alapvet\u0151 felt\u00e9teleir\u0151l \u00e9s egyes korl\u00e1tair\u00f3l sz\u00f3l\u00f3 2008. \u00e9vi XLVIII. t\u00f6rv\u00e9ny (\u201eGrtv.\u201d) rendelkez\u00e9seit.<strong>A Felhaszn\u00e1l\u00f3 d\u00f6nt\u00e9se alapj\u00e1n az Adatkezel\u0151 a Szolg\u00e1ltat\u00e1sok ig\u00e9nybev\u00e9tel\u00e9hez kapcsol\u00f3d\u00f3an kezelheti az al\u00e1bbi adatokat:<\/strong><\/p>\n\n\n\n<ul><li>N\u00e9v, c\u00e9g eset\u00e9n c\u00e9gn\u00e9v, illetve kapcsolattart\u00f3 neve<\/li><li>lakc\u00edm, levelez\u00e9si c\u00edm, sz\u00e9khely c\u00edme<\/li><li>e-mail c\u00edm<\/li><li>telefonsz\u00e1m<\/li><li>\u00e9rdekl\u0151d\u00e9si k\u00f6r<\/li><li>rendszer inform\u00e1ci\u00f3k (ip c\u00edm, felbont\u00e1s, rendszer, ezen honlapon megtekintett oldalak statisztik\u00e1ja, viselked\u00e9si mint\u00e1zat)<\/li><\/ul>\n\n\n\n<p><strong>A Tulajdonos a tev\u00e9kenys\u00e9ge sor\u00e1n az al\u00e1bbi c\u00e9gek \u00e9rintettek az adatkezel\u00e9sbe:<\/strong><\/p>\n\n\n\n<ul><li>WebSupport s.r.o (Star\u00e9 Grunty 12 &#8211; 841 04 Bratislava \u2013 Slovensko)<\/li><li>Generation C Media s.r.o (22Media &#8211; Tr\u017eni\u010dn\u00e9 n\u00e1mestie 4810 &#8211; Kom\u00e1rno, Slovakia)<\/li><li>Google Inc.(1600 Amphitheatre Parkway, Mountain View, CA 94043, USA) \u00e9s az ebbe tartoz\u00f3 k\u00fcl\u00f6n szolg\u00e1ltat\u00e1sok<\/li><li>Microsoft Corporation (One Microsoft Way, Redmond, WA 98052-7329)<\/li><li>Apple inc. (One Apple Park WayCupertino, CA 95014)<\/li><li>Facebook, Inc. (1601 Willow Road Menlo Park, CA 94025)<\/li><\/ul>\n\n\n\n<p>F\u00fcggetlen\u00fcl a fentebb le\u00edrtakt\u00f3l el\u0151fordulhat, hogy Szolg\u00e1ltat\u00e1sok \u00fczemeltet\u00e9s\u00e9hez technikailag kapcsol\u00f3d\u00f3 szolg\u00e1ltat\u00f3, az Adatkezel\u0151 t\u00e1j\u00e9koztat\u00e1sa n\u00e9lk\u00fcl a honlapok valamelyik\u00e9n adatkezel\u00e9si tev\u00e9kenys\u00e9get folytat. Az ilyen tev\u00e9kenys\u00e9g nem min\u0151s\u00fcl az Adatkezel\u0151 \u00e1ltal folytatott Adatkezel\u00e9snek. Az Adatkezel\u0151 minden t\u0151le telhet\u0151t megtesz az ilyen adatkezel\u00e9sek megakad\u00e1lyoz\u00e1sa \u00e9s kisz\u0171r\u00e9se \u00e9rdek\u00e9ben.<\/p>\n\n\n\n<h3 class=\"wp-block-heading\">A cookie-k haszn\u00e1lata<\/h3>\n\n\n\n<p>Weboldalunkon \u00fagynevezett cookie-t haszn\u00e1lunk, hogy hat\u00e9konyabb\u00e1 tegy\u00fck az \u00d6n egy\u00e9ni honlap-haszn\u00e1lat\u00e1t. A cookie-k olyan azonos\u00edt\u00f3k, amelyeket web szerver\u00fcnk az \u00d6n sz\u00e1m\u00edt\u00f3g\u00e9p\u00e9nek k\u00fcldhet, hogy azonos\u00edtsa a honlapon tart\u00f3zkod\u00e1s alatt haszn\u00e1lt sz\u00e1m\u00edt\u00f3g\u00e9pet. A legt\u00f6bb b\u00f6ng\u00e9sz\u0151 az alapbe\u00e1ll\u00edt\u00e1s szerint automatikusan fogadja ezeket a cookie-kat. A cookie-k t\u00e1rol\u00e1sa kikapcsolhat\u00f3, ill. be\u00e1ll\u00edthat\u00f3 a b\u00f6ng\u00e9sz\u0151ben, hogy kapjon \u00e9rtes\u00edt\u00e9st, miel\u0151tt sz\u00e1m\u00edt\u00f3g\u00e9p\u00e9n egy cookie-t t\u00e1rolnak. Ha a cookie-kat nem csak az adott l\u00e1togat\u00e1s idej\u00e9re mentj\u00fck el, \u00e9s nem ker\u00fclnek ezt k\u00f6vet\u0151en automatikusan t\u00f6rl\u00e9sre, hanem a t\u00e1rol\u00e1s hosszabb id\u0151re sz\u00f3l, az \u00e9rintett cookie-k be\u00e1ll\u00edt\u00e1sakor err\u0151l \u00e9rtes\u00edtj\u00fck \u00d6nt.<\/p>\n\n\n\n<h4 class=\"wp-block-heading\">Munkamenet \/ \u00e1tmeneti cookie<\/h4>\n\n\n\n<p>Ezek n\u00e9lk\u00fcl\u00f6zhetetlenek a weboldalunkon t\u00f6rt\u00e9n\u0151 navig\u00e1l\u00e1shoz, weboldalunk kulcsfontoss\u00e1g\u00fa funkci\u00f3inak m\u0171k\u00f6d\u00e9s\u00e9hez \u00e9s a v\u00e9dett tartalmak el\u00e9r\u00e9s\u00e9hez. Ezek a cookie-k az adatlapok kit\u00f6lt\u00e9s\u00e9hez sz\u00fcks\u00e9ges inform\u00e1ci\u00f3kat \u00e9s esetenk\u00e9nt az \u00d6n \u00e1ltal kiv\u00e1lasztott nyelvet t\u00e1rolj\u00e1k, \u00e9s nem gy\u0171jtenek \u00d6nr\u0151l olyan inform\u00e1ci\u00f3kat, melyekkel \u00d6nt azonos\u00edtani lehetne, melyeket marketing c\u00e9lj\u00e1b\u00f3l fel lehetne haszn\u00e1lni, vagy amelyek eml\u00e9kezn\u00e9nek arra, milyen m\u00e1s honlapokon j\u00e1rt. A honlap bez\u00e1r\u00e1sa ut\u00e1n e s\u00fctik automatikusan t\u00f6rl\u0151dnek \u00e9s a munkamenet lez\u00e1r\u00e1sra ker\u00fcl.<\/p>\n\n\n\n<h4 class=\"wp-block-heading\">Funkcion\u00e1lis cookie<\/h4>\n\n\n\n<p>Ezek a cookie-k a felhaszn\u00e1l\u00f3i \u00e9lm\u00e9ny jav\u00edt\u00e1sa \u00e9rdek\u00e9ben \u00e9szlelik, hogy milyen eszk\u00f6zzel nyitotta meg a honlapunkat, megjegyzik az \u00d6n kor\u00e1bbi felhaszn\u00e1l\u00fci d\u00f6nt\u00e9seit (mint p\u00e9ld\u00e1ul a felhaszn\u00e1l\u00f3neve, jelszava, v\u00e1lasztott nyelv, r\u00e9gi\u00f3, bejelentkezett-e egy kor\u00e1bbi munkamenet sor\u00e1n, a sz\u00f6vegm\u00e9retben, bet\u0171t\u00edpusban vagy a honlap egy\u00e9b testre szabhat\u00f3 elem\u00e9ben \u00d6n \u00e1ltal v\u00e9grehajtott felhaszn\u00e1l\u00f3i v\u00e1ltoztat\u00e1sok), hogy ilyen m\u00f3don jobb \u00e9s szem\u00e9lyre szabottabb funkci\u00f3kat k\u00edn\u00e1lhassunk \u00d6nnek.<br>\nEzek a cookie-k nem k\u00f6vetik \u00d6nt nyomon m\u00e1s honlapokon folytatott tev\u00e9kenys\u00e9g\u00e9t \u00e9s nem haszn\u00e1ljuk azokat olyan c\u00e9lra, hogy hirdet\u00e9seket k\u00fcldj\u00fcnk \u00d6nnek m\u00e1s oldalakon kereszt\u00fcl.<\/p>\n\n\n\n<h4 class=\"wp-block-heading\">Analitika, elemz\u00e9s<\/h4>\n\n\n\n<p>A weboldal a Google Inc. (\u201eGoogle\u201d) Google Analytics rendszer\u00e9t haszn\u00e1lja a l\u00e1togatotts\u00e1g\u00e1nak elemz\u00e9s\u00e9re. A Google Analytics rendszere \u00fan. \u201ecookie-kat\u201d \u2013 egyszer\u0171, r\u00f6vid, kism\u00e9ret\u0171 sz\u00f6veges f\u00e1jlokat \u2013 t\u00e1rol el az \u00d6n informatikai eszk\u00f6z\u00e9n \u00e9s ezek seg\u00edts\u00e9g\u00e9vel elemzi a weboldalunk l\u00e1togatotts\u00e1g\u00e1t, seg\u00edtve ezzel a weboldalunk fejleszt\u00e9s\u00e9t a felhaszn\u00e1l\u00f3i \u00e9lm\u00e9ny fokoz\u00e1sa \u00e9rdek\u00e9ben.<\/p>\n\n\n\n<p>A \u201ecookie-ban\u201d r\u00f6gz\u00edtett, weboldal l\u00e1togatotts\u00e1g\u00e1ra vonatkoz\u00f3 adatok (a l\u00e1togat\u00e1s id\u0151pontj\u00e1val \u00e9s az \u00d6n IP c\u00edm\u00e9vel egy\u00fctt) a Google USA szervereire ker\u00fclnek \u00e1tvitelre \u00e9s let\u00e1rol\u00e1sra. A Google arra haszn\u00e1lja ezeket az adatokat, hogy az \u00d6n honlap-l\u00e1togat\u00e1si szok\u00e1sait ki\u00e9rt\u00e9kelje, jelent\u00e9seket \u00e1ll\u00edtson \u00f6ssze ezekr\u0151l a XY sz\u00e1m\u00e1ra, valamint arra, hogy egy\u00e9b, a weboldallal \u00e9s az internet haszn\u00e1lat\u00e1val kapcsolatos szolg\u00e1ltat\u00e1sokat ny\u00fajtson.<\/p>\n\n\n\n<p>Azok a felhaszn\u00e1l\u00f3k, akik nem szeretn\u00e9k, hogy a Google Analytics jelent\u00e9st k\u00e9sz\u00edtsen a l\u00e1togat\u00e1sukr\u00f3l, telep\u00edthetik a Google Analytics letilt\u00f3 b\u00f6ng\u00e9sz\u0151b\u0151v\u00edtm\u00e9nyt. Ez a kieg\u00e9sz\u00edt\u0151 arra utas\u00edtja a Google Analytics JavaScript-szkriptjeit (ga.js, analytics.js, and dc.js), hogy ne k\u00fcldjenek l\u00e1togat\u00e1si inform\u00e1ci\u00f3t a Google sz\u00e1m\u00e1ra. Emellett azok a felhaszn\u00e1l\u00f3k, akik telep\u00edtett\u00e9k a letilt\u00f3 b\u00f6ng\u00e9sz\u0151b\u0151v\u00edtm\u00e9nyt, a tartalmi k\u00eds\u00e9rletekben sem vesznek r\u00e9szt.<\/p>\n\n\n\n<p>Ha le szeretn\u00e9 tiltani az Analytics webes tev\u00e9kenys\u00e9g\u00e9t, keresse fel a Google Analytics letilt\u00f3 oldal\u00e1t (http:\/\/tools.google.com\/dlpage\/gaoptout), \u00e9s telep\u00edtse a b\u0151v\u00edtm\u00e9nyt b\u00f6ng\u00e9sz\u0151j\u00e9hez. A b\u0151v\u00edtm\u00e9ny telep\u00edt\u00e9s\u00e9r\u0151l \u00e9s elt\u00e1vol\u00edt\u00e1s\u00e1r\u00f3l tov\u00e1bbi t\u00e1j\u00e9koztat\u00e1s\u00e9rt tekintse meg az adott b\u00f6ng\u00e9sz\u0151h\u00f6z tartoz\u00f3 s\u00fag\u00f3t.<\/p>\n\n\n\n<h4 class=\"wp-block-heading\">Harmadik f\u00e9lt\u0151l sz\u00e1rmaz\u00f3 cookie<\/h4>\n\n\n\n<p>Honlapunkon id\u0151nk\u00e9nt k\u00fcls\u0151 webes szolg\u00e1ltat\u00e1sok seg\u00edts\u00e9g\u00e9vel jelen\u00edt\u00fcnk meg k\u00fcl\u00f6nf\u00e9le tartalmakat, mely n\u00e9h\u00e1ny olyan cookie t\u00e1rol\u00e1s\u00e1t eredm\u00e9nyezheti, melyeket nem mi fel\u00fcgyel\u00fcnk, \u00edgy \u00e9rtelemszer\u0171en nincs befoly\u00e1sunk arra, hogy ezek a weboldalak, illetve k\u00fcls\u0151 domainek milyen adatokat gy\u0171jtenek arr\u00f3l, hogy \u00d6n mik\u00e9nt haszn\u00e1lja ezeket a be\u00e1gyazott tartalmakat.<strong>K\u00fcls\u0151 webes szolg\u00e1ltat\u00e1sok:<\/strong><\/p>\n\n\n\n<ul><li>GoogleAnalytics \u2013 Analitika<\/li><li>Facebook \u2013 Facebook megoszt\u00e1s, oldal kedvel\u00e9s, bejelentkez\u00e9s<\/li><li>Youtube \u2013 Be\u00e1gyazott tartalom<\/li><\/ul>\n\n\n\n<h3 class=\"wp-block-heading\">Adatok gy\u0171jt\u00e9se<\/h3>\n\n\n\n<p>Honlapunkat szem\u00e9lyes adatai felfed\u00e9se n\u00e9lk\u00fcl is haszn\u00e1lhatja. Honlapunk haszn\u00e1lat\u00e1nak nem felt\u00e9tele szem\u00e9lyes adatainak megad\u00e1sa, kiv\u00e9ve, ha ez sz\u00fcks\u00e9ges ahhoz, hogy saj\u00e1t k\u00e9r\u00e9s\u00e9re tov\u00e1bbi inform\u00e1ci\u00f3t tudjunk biztos\u00edtani \u00d6nnek. Amikor honlapunkat haszn\u00e1lja, a t\u00e1rhely szolg\u00e1ltat\u00f3 k\u00fcl\u00f6nb\u00f6z\u0151 biztons\u00e1gi okokb\u00f3l adatokat t\u00e1rolhat. Ilyen adat lehet az \u00d6n internet-szolg\u00e1ltat\u00f3j\u00e1nak neve, a honlap neve, \u00e9s az \u00d6n IP-c\u00edme. Ezek az adatok esetleg az \u00d6n azonos\u00edt\u00e1s\u00e1ra is alkalmasak lehetnek, de azokat nem haszn\u00e1ljuk fel ilyen c\u00e9lokra. Id\u0151r\u0151l id\u0151re statisztikai c\u00e9llal felhaszn\u00e1ljuk az adatokat, de minden egyes felhaszn\u00e1l\u00f3 n\u00e9vtelens\u00e9g\u00e9t megtartjuk, \u00edgy a szem\u00e9ly nem azonos\u00edthat\u00f3. Abban az esetben, ha szem\u00e9lyes adatait a BNPI-n bel\u00fcl m\u00e1sok rendelkez\u00e9s\u00e9re bocs\u00e1tjuk, hogy megkaphassa a k\u00e9rt inform\u00e1ci\u00f3kat, technikai \u00e9s szervezeti eszk\u00f6z\u00f6kkel biztos\u00edtjuk a megfelel\u0151 adatv\u00e9delmi el\u0151\u00edr\u00e1sok betart\u00e1s\u00e1t.<\/p>\n\n\n\n<p>Felh\u00edvjuk figyelm\u00e9t arra, hogy a Facebookos analitik\u00e1k, illetve b\u0151v\u00edtm\u00e9nyek haszn\u00e1latakor, az oldalak szolg\u00e1ltat\u00f3jak\u00e9nt nem ismerj\u00fck az \u00e1tvitt adatok tartalm\u00e1t, valamint azt, hogy ezeket a Facebook mik\u00e9nt haszn\u00e1lja. Erre vonatkoz\u00f3 tov\u00e1bbi inform\u00e1ci\u00f3kat a Facebook adatv\u00e9delmi nyilatkozat\u00e1ban tal\u00e1l.<\/p>\n\n\n\n<p>A megadott szem\u00e9lyes \u00e9s nem szem\u00e9lyes adatok t\u00f6bb csatorn\u00e1n haladva ker\u00fclhetnek tov\u00e1bb\u00edt\u00e1sra, elt\u00e9r\u0151 technol\u00f3giai szabv\u00e1nyok szerint. Ezek k\u00f6z\u00fcl a leggyakoribb az email, titkos\u00edtott \u00e9s a m\u00e1sik f\u00e9l szerint nem titkos\u00edtott, sz\u00e1ml\u00e1z\u00f3 program, illet\u0151en adathordoz\u00f3n kereszt\u00fcl.<\/p>\n\n\n\n<h3 class=\"wp-block-heading\">Az Adatkezel\u0151 \u00e1ltal folytatott adatkezel\u00e9sek c\u00e9lja:<\/h3>\n\n\n\n<ul><li>a Felhaszn\u00e1l\u00f3 azonos\u00edt\u00e1sa, a Felhaszn\u00e1l\u00f3val val\u00f3 kapcsolattart\u00e1s<\/li><li>a Felhaszn\u00e1l\u00f3i jogosults\u00e1gok (a Felhaszn\u00e1l\u00f3 \u00e1ltal ig\u00e9nybe vehet\u0151 szolg\u00e1ltat\u00e1sok) azonos\u00edt\u00e1sa;<\/li><li>egyedi felhaszn\u00e1l\u00f3i megkeres\u00e9sek kezel\u00e9se, int\u00e9z\u00e9se;<\/li><li>statisztik\u00e1k, elemz\u00e9sek k\u00e9sz\u00edt\u00e9se;<\/li><li>k\u00f6zvetlen \u00fczletszerz\u00e9si illetve marketing c\u00e9l\u00fa megkeres\u00e9s (pl. h\u00edrlev\u00e9l, eDM, stb.)<\/li><li>Felhaszn\u00e1l\u00f3 \u00e1ltal gener\u00e1lt tartalmak (pl. hozz\u00e1sz\u00f3l\u00e1s, \u00e9rt\u00e9kel\u00e9s, chat, blog, f\u00f3rum stb.)<\/li><li>k\u00f6zz\u00e9t\u00e9tel\u00e9hez t\u00e1rhely biztos\u00edt\u00e1sa;<\/li><li>webshop szolg\u00e1ltat\u00e1s eset\u00e9n a felek k\u00f6z\u00f6tti szerz\u0151d\u00e9s l\u00e9trehoz\u00e1sa, tartalm\u00e1nak meghat\u00e1roz\u00e1sa, m\u00f3dos\u00edt\u00e1sa, teljes\u00edt\u00e9s\u00e9nek figyelemmel k\u00eds\u00e9r\u00e9se, a megrendelt term\u00e9k k\u00e9zbes\u00edt\u00e9se illetve a megrendelt szolg\u00e1ltat\u00e1s ig\u00e9nybev\u00e9tele, a v\u00e9tel\u00e1r sz\u00e1ml\u00e1z\u00e1sa, valamint az azzal kapcsolatos k\u00f6vetel\u00e9sek \u00e9rv\u00e9nyes\u00edt\u00e9se, a teljes\u00edt\u00e9s megfelel\u0151s\u00e9g\u00e9nek dokument\u00e1l\u00e1sa, a sz\u00e1mviteli k\u00f6telezetts\u00e9gek teljes\u00edt\u00e9se;<\/li><li>az informatikai rendszer technikai fejleszt\u00e9se;<\/li><li>a Felhaszn\u00e1l\u00f3k jogainak v\u00e9delme;<\/li><li>az Adatkezel\u0151 jogos \u00e9rdekeinek \u00e9rv\u00e9nyes\u00edt\u00e9se<\/li><\/ul>\n\n\n\n<h3 class=\"wp-block-heading\">Adatok t\u00e1rol\u00e1sa<\/h3>\n\n\n\n<p>Szem\u00e9lyes adatait kiz\u00e1r\u00f3lag addig t\u00e1roljuk, am\u00edg ez az \u00d6n \u00e1ltal k\u00e9rt szolg\u00e1ltat\u00e1s biztos\u00edt\u00e1s\u00e1hoz sz\u00fcks\u00e9ges, vagy amennyi id\u0151re \u00d6n hozz\u00e1j\u00e1rul\u00e1s\u00e1ban enged\u00e9lyezte, ha a t\u00f6rv\u00e9ny m\u00e1sk\u00e9nt nem rendelkezik. Abban az esetben, ha az \u00d6n \u00e1ltal megadott szem\u00e9lyes adatok kezel\u00e9se az \u00d6n \u00e1ltal k\u00e9rt szolg\u00e1ltat\u00e1s teljes\u00edt\u00e9s\u00e9hez sz\u00fcks\u00e9ges, akkor a weboldal \u00fczemeltet\u0151je azok teljes\u00edt\u00e9s\u00e9ig, illetve a jogszab\u00e1lyban meghat\u00e1rozott ideig kezeli az \u00d6n szem\u00e9lyes adatait.\nGyermekek<\/p>\n\n\n\n<p>A gyermekek szem\u00e9lyes adatainak v\u00e9delme kiemelt fontoss\u00e1g\u00fa, ez\u00e9rt \u00e1ltalunk ismerten 18 \u00e9v alatti szem\u00e9lyt\u0151l sz\u00e1rmaz\u00f3 adatot nem gy\u0171jt\u00fcnk, nem dolgozunk fel, \u00e9s nem haszn\u00e1lunk fel a honlapunkon a t\u00f6rv\u00e9nyes k\u00e9pvisel\u0151 el\u0151zetes, ellen\u0151rizhet\u0151 hozz\u00e1j\u00e1rul\u00e1sa n\u00e9lk\u00fcl. A t\u00f6rv\u00e9nyes k\u00e9pvisel\u0151nek joga van k\u00e9r\u00e9sre megtekinteni a gyermek \u00e1ltal biztos\u00edtott inform\u00e1ci\u00f3kat, \u00e9s\/vagy elrendelni azok t\u00f6rl\u00e9s\u00e9t.<\/p>\n\n\n\n<h3 class=\"wp-block-heading\">A jogok \u00e9rv\u00e9nyes\u00edt\u00e9se<\/h3>\n\n\n\n<p>\u00d6n jogosult a weboldal \u00fczemeltet\u0151je r\u00e9sz\u00e9re megadott szem\u00e9lyes adatainak helyesb\u00edt\u00e9s\u00e9t, m\u00f3dos\u00edt\u00e1s\u00e1t, t\u00f6rl\u00e9s\u00e9t k\u00e9rni, illetve az adatkezel\u00e9st b\u00e1rmikor megtiltani.<\/p>\n\n\n\n<p>Szem\u00e9lyes adatai j\u00f6v\u0151beni felhaszn\u00e1l\u00e1s\u00e1ra, kezel\u00e9s\u00e9re vonatkoz\u00f3 hozz\u00e1j\u00e1rul\u00e1s\u00e1t b\u00e1rmikor jogosult visszavonni. Ehhez csak egy levelet kell k\u00fcldenie a weboldalon tal\u00e1lhat\u00f3 kontakt email c\u00edmre. Amennyiben szem\u00e9lyes adataihoz f\u0171z\u0151d\u0151 jogait megs\u00e9rtik, \u00d6n jogosult az illet\u00e9kes b\u00edr\u00f3s\u00e1ghoz fordulni.<\/p>\n\n\n\n<p>A Felhaszn\u00e1l\u00f3 az Adatkezel\u00e9ssel kapcsolatos panasz\u00e1val k\u00f6zvetlen\u00fcl a Slovenskej obchodnej in\u0161pekcie (Szlov\u00e1k Kereskedelmi Fel\u00fcgyelet &#8211; P. O. BOX 29 Prievozsk\u00e1 32 827 99 Bratislava \u2013 www.soi.sk) illetve az Eur\u00f3pai Vitarendez\u0151i F\u00f3rumhoz fordulhat.<\/p>\n\n\n\n<p>A Felhaszn\u00e1l\u00f3 jogainak megs\u00e9rt\u00e9se eset\u00e9n b\u00edr\u00f3s\u00e1ghoz fordulhat. A per elb\u00edr\u00e1l\u00e1sa a t\u00f6rv\u00e9nysz\u00e9k hat\u00e1sk\u00f6r\u00e9be tartozik. A per \u2013 az \u00e9rintett v\u00e1laszt\u00e1sa szerint \u2013 az \u00e9rintett lak\u00f3helye vagy tart\u00f3zkod\u00e1si helye szerinti t\u00f6rv\u00e9nysz\u00e9k el\u0151tt is megind\u00edthat\u00f3. Az Adatkezel\u0151 k\u00e9r\u00e9sre a Felhaszn\u00e1l\u00f3t t\u00e1j\u00e9koztatja a jogorvoslat lehet\u0151s\u00e9g\u00e9r\u0151l \u00e9s eszk\u00f6zeir\u0151l.l\u00f3t t\u00e1j\u00e9koztatja a jogorvoslat lehet\u0151s\u00e9g\u00e9r\u0151l \u00e9s eszk\u00f6zeir\u0151l.<\/p>\n","protected":false},"excerpt":{"rendered":"<p>A www.oknarener.sk weboldalt m\u0171k\u00f6dtet\u0151 RENER, s.r.o. &#8211; J\u00f3kaiho 71\/2797 943 60 N\u00e1na &#8211; I\u010cO44708301 &#8211; DI\u010c2022814552 (tov\u00e1bbiakban \u201eweboldal \u00fczemeltet\u0151\u201d) kiemelten fontos k\u00e9rd\u00e9sk\u00e9nt kezeli a honlap haszn\u00e1lat\u00e1b\u00f3l sz\u00e1rmaz\u00f3 szem\u00e9lyes adatok biztons\u00e1g\u00e1t. &#8230;<\/p>\n","protected":false},"author":1,"featured_media":0,"parent":0,"menu_order":0,"comment_status":"closed","ping_status":"closed","template":"","meta":[],"tags":[],"acf":[],"_links":{"self":[{"href":"https:\/\/oknarener.sk\/hu\/wp-json\/wp\/v2\/pages\/1221"}],"collection":[{"href":"https:\/\/oknarener.sk\/hu\/wp-json\/wp\/v2\/pages"}],"about":[{"href":"https:\/\/oknarener.sk\/hu\/wp-json\/wp\/v2\/types\/page"}],"author":[{"embeddable":true,"href":"https:\/\/oknarener.sk\/hu\/wp-json\/wp\/v2\/users\/1"}],"replies":[{"embeddable":true,"href":"https:\/\/oknarener.sk\/hu\/wp-json\/wp\/v2\/comments?post=1221"}],"version-history":[{"count":0,"href":"https:\/\/oknarener.sk\/hu\/wp-json\/wp\/v2\/pages\/1221\/revisions"}],"wp:attachment":[{"href":"https:\/\/oknarener.sk\/hu\/wp-json\/wp\/v2\/media?parent=1221"}],"wp:term":[{"taxonomy":"post_tag","embeddable":true,"href":"https:\/\/oknarener.sk\/hu\/wp-json\/wp\/v2\/tags?post=1221"}],"curies":[{"name":"wp","href":"https:\/\/api.w.org\/{rel}","templated":true}]}}