{"id":1012,"date":"2019-05-07T14:07:56","date_gmt":"2019-05-07T14:07:56","guid":{"rendered":"http:\/\/oknarener.22media.sk\/produkty\/sietky\/"},"modified":"2019-06-12T13:35:16","modified_gmt":"2019-06-12T13:35:16","slug":"szunyoghalok","status":"publish","type":"product","link":"https:\/\/oknarener.sk\/hu\/produkty\/szunyoghalok\/","title":{"rendered":"Sz\u00fanyogh\u00e1l\u00f3k"},"content":{"rendered":"\n<h3 class=\"wp-block-heading\"> A-oszt\u00e1ly\u00fa sz\u00fanyogh\u00e1l\u00f3k <\/h3>\n\n\n\n<div class=\"wp-block-columns has-2-columns is-layout-flex wp-container-3\">\n<div class=\"wp-block-column is-layout-flow\">\n<figure class=\"wp-block-image alignwide\"><img decoding=\"async\" loading=\"lazy\" width=\"245\" height=\"208\" src=\"\/m22_content\/uploads\/2019\/05\/sietka-A2.jpg\" alt=\"\" class=\"wp-image-621\"\/><\/figure>\n<\/div>\n\n\n\n<div class=\"wp-block-column is-layout-flow\">\n<p>Kiv\u00e1l\u00f3 min\u0151s\u00e9g\u0171 h\u00e1l\u00f3, \u00faj, kifesz\u00edtett, robusztus alum\u00ednium profilokb\u00f3l, sima form\u00e1kkal \u00e9s tiszta vonalakkal, megfizethet\u0151 \u00e1ron \u00e9s nagy haszon\u00e9rt\u00e9kkel.<\/p>\n\n\n\n<p>A profilok sz\u00edne az ablakok sz\u00edn\u00e9vel fest\u00e9kpermetez\u00e9ssel vagy lamin\u00e1l\u00f3 f\u00f3li\u00e1val egyes\u00edthet\u0151. Ezeket k\u00f6zvetlen\u00fcl az ablakkerethez r\u00f6gz\u00edtik r\u00f6gz\u00edt\u0151 z\u00e1rakkal an\u00e9lk\u00fcl, hogy m\u00e1s foganty\u00fakat kellene felszerelni a keretre. A profilok er\u0151ss\u00e9ge lehet\u0151v\u00e9 teszi, hogy a nagy kereteken is ki lehet fesz\u00edteni a h\u00e1l\u00f3t meger\u0151s\u00edt\u0151 keresztmetszetek n\u00e9lk\u00fcl. A profilok a felszerel\u00e9s ut\u00e1n szinte nem terjednek t\u00fal az ablakkeret profil sz\u00e9less\u00e9g\u00e9n, \u00edgy a red\u0151ny\u00f6k alatt is haszn\u00e1lhat\u00f3k. <\/p>\n<\/div>\n<\/div>\n\n\n\n<h3 class=\"wp-block-heading\"><br><br>B-oszt\u00e1ly\u00fa sz\u00fanyogh\u00e1l\u00f3k<\/h3>\n\n\n\n<div class=\"wp-block-columns has-2-columns is-layout-flex wp-container-6\">\n<div class=\"wp-block-column is-layout-flow\">\n<p>A sz\u00fanyogh\u00e1l\u00f3k gazdas\u00e1gosabb v\u00e1ltozata h\u00fazott t\u00e9glalap alak\u00fa alum\u00ednium profilokb\u00f3l, sima alakzatokkal, a sarkaiban m\u0171anyag csatlakoz\u00f3kkal \u00f6sszek\u00f6tve.<\/p>\n\n\n\n<p>Az ablakkerethez csavarozott m\u0171anyag t\u00e1maszt\u00e9kkal vannak r\u00f6gz\u00edtve. A sz\u00ednt az ablakokhoz lehetne igaz\u00edtani, a h\u00e1tr\u00e1ny azonban az lehet, hogy a m\u0171anyag sarokcsatlakoz\u00f3k csak barna \u00e9s feh\u00e9r sz\u00ednben el\u00e9rhet\u0151k. A sz\u00fanyogh\u00e1l\u00f3 kerete nagyobb, mint az ablakkeret, \u00edgy red\u0151ny\u00f6kkel nem haszn\u00e1lhat\u00f3.<\/p>\n<\/div>\n\n\n\n<div class=\"wp-block-column is-layout-flow\">\n<figure class=\"wp-block-image alignwide\"><img decoding=\"async\" loading=\"lazy\" width=\"245\" height=\"210\" src=\"\/m22_content\/uploads\/2019\/05\/sietka-B1.jpg\" alt=\"\" class=\"wp-image-623\"\/><\/figure>\n<\/div>\n<\/div>\n\n\n\n<h3 class=\"wp-block-heading\"><br><br> C-oszt\u00e1ly\u00fa sz\u00fanyogh\u00e1l\u00f3k<\/h3>\n\n\n\n<div class=\"wp-block-columns has-2-columns is-layout-flex wp-container-9\">\n<div class=\"wp-block-column is-layout-flow\">\n<figure class=\"wp-block-image alignwide\"><img decoding=\"async\" loading=\"lazy\" width=\"245\" height=\"204\" src=\"\/m22_content\/uploads\/2019\/05\/sietka-C1.jpg\" alt=\"\" class=\"wp-image-625\"\/><\/figure>\n<\/div>\n\n\n\n<div class=\"wp-block-column is-layout-flow\">\n<p>A sz\u00fanyogh\u00e1l\u00f3k olcs\u00f3 v\u00e1ltozata form\u00e1zott hajl\u00edtott alum\u00edniumprofilokb\u00f3l, amelyek a sarkakn\u00e1l m\u0171anyag csatlakoz\u00f3kkal vannak \u00f6sszek\u00f6tve. Ezeket az ablakkerethez f\u00e9m klipek seg\u00edts\u00e9g\u00e9vel r\u00f6gz\u00edtik.<\/p>\n\n\n\n<p>A sz\u00ednt az ablakokhoz lehetne igaz\u00edtani, a h\u00e1tr\u00e1ny azonban az lehet, hogy a m\u0171anyag sarokcsatlakoz\u00f3k csak barna \u00e9s feh\u00e9r sz\u00ednben el\u00e9rhet\u0151k. A nagyobb keretm\u00e9retekn\u00e9l a profilszil\u00e1rds\u00e1g tov\u00e1bbi meger\u0151s\u00edt\u0151 keresztmetszeteket ig\u00e9nyel a h\u00e1l\u00f3 keret\u00e9nek stabilit\u00e1sa \u00e9rdek\u00e9ben. Ez vizu\u00e1lis megoszt\u00e1st \u00e9s az \u00fcvegter\u00fclet megzavar\u00e1s\u00e1t eredm\u00e9nyezi. A sz\u00fanyogh\u00e1l\u00f3 kerete nagyobb, mint az ablakkeret, \u00edgy red\u0151ny\u00f6kkel nem haszn\u00e1lhat\u00f3. Annak ellen\u00e9re, hogy ez az ablakp\u00e1rk\u00e1ny a Slovaktual k\u00edn\u00e1lat\u00e1ban megtal\u00e1lhat\u00f3, a haszn\u00e1lat\u00e1t nem aj\u00e1nlja. <\/p>\n<\/div>\n<\/div>\n","protected":false},"excerpt":{"rendered":"<p>A-oszt\u00e1ly\u00fa sz\u00fanyogh\u00e1l\u00f3k Kiv\u00e1l\u00f3 min\u0151s\u00e9g\u0171 h\u00e1l\u00f3, \u00faj, kifesz\u00edtett, robusztus alum\u00ednium profilokb\u00f3l, sima form\u00e1kkal \u00e9s tiszta vonalakkal, megfizethet\u0151 \u00e1ron \u00e9s nagy haszon\u00e9rt\u00e9kkel. A profilok sz\u00edne az ablakok sz\u00edn\u00e9vel fest\u00e9kpermetez\u00e9ssel vagy lamin\u00e1l\u00f3 f\u00f3li\u00e1val &#8230;<\/p>\n","protected":false},"featured_media":626,"template":"","product_categories":[27],"acf":[],"_links":{"self":[{"href":"https:\/\/oknarener.sk\/hu\/wp-json\/wp\/v2\/product\/1012"}],"collection":[{"href":"https:\/\/oknarener.sk\/hu\/wp-json\/wp\/v2\/product"}],"about":[{"href":"https:\/\/oknarener.sk\/hu\/wp-json\/wp\/v2\/types\/product"}],"version-history":[{"count":0,"href":"https:\/\/oknarener.sk\/hu\/wp-json\/wp\/v2\/product\/1012\/revisions"}],"wp:featuredmedia":[{"embeddable":true,"href":"https:\/\/oknarener.sk\/hu\/wp-json\/wp\/v2\/media\/626"}],"wp:attachment":[{"href":"https:\/\/oknarener.sk\/hu\/wp-json\/wp\/v2\/media?parent=1012"}],"wp:term":[{"taxonomy":"product_categories","embeddable":true,"href":"https:\/\/oknarener.sk\/hu\/wp-json\/wp\/v2\/product_categories?post=1012"}],"curies":[{"name":"wp","href":"https:\/\/api.w.org\/{rel}","templated":true}]}}