{"id":1017,"date":"2019-05-09T07:56:54","date_gmt":"2019-05-09T07:56:54","guid":{"rendered":"http:\/\/oknarener.22media.sk\/produkty\/skla\/"},"modified":"2019-06-12T13:35:43","modified_gmt":"2019-06-12T13:35:43","slug":"uvegek","status":"publish","type":"product","link":"https:\/\/oknarener.sk\/hu\/produkty\/uvegek\/","title":{"rendered":"\u00dcvegek"},"content":{"rendered":"\n<h3 class=\"wp-block-heading\" style=\"text-align:left\">Szigetel\u0151\u00fcveg<\/h3>\n\n\n\n<p>A szigetel\u0151\u00fcveg fogalma alatt a h\u00e1rmas \u00fcvegez\u00e9st (esetleg dupla\u00fcvegez\u00e9st) \u00e9rtj\u00fck, amire speci\u00e1lis technikai \u00e9rt\u00e9kek jellemz\u0151k a h\u0151szigetel\u00e9s, a zajv\u00e9delem \u00e9s a biztons\u00e1g meghat\u00e1rozott szintj\u00e9n.<\/p>\n\n\n\n<p>Az egyes \u00fcvegt\u00e1bl\u00e1k k\u00fcl\u00f6nb\u00f6z\u0151 vastags\u00e1g\u00faak lehetnek \u00e9s ugyancsak k\u00fcl\u00f6nb\u00f6z\u0151 t\u00e9rk\u00f6z\u00f6k lehetnek k\u00f6z\u00f6tt\u00fck. A k\u00f6zbens\u0151 teret t\u00e1vtart\u00f3k hat\u00e1rolj\u00e1k \u00e9s nemesg\u00e1zzal, p\u00e9ld\u00e1ul argonnal vagy kriptonnal van t\u00f6ltve.<\/p>\n\n\n\n<div class=\"wp-block-columns has-2-columns is-layout-flex wp-container-3\">\n<div class=\"wp-block-column is-layout-flow\">\n<figure class=\"wp-block-image is-resized\"><img decoding=\"async\" loading=\"lazy\" src=\"\/m22_content\/uploads\/2019\/05\/izolacne-trojsklo.jpg\" alt=\"\" class=\"wp-image-708\" width=\"225\" height=\"413\" srcset=\"https:\/\/oknarener.sk\/m22_content\/uploads\/2019\/05\/izolacne-trojsklo.jpg 300w, https:\/\/oknarener.sk\/m22_content\/uploads\/2019\/05\/izolacne-trojsklo-164x300.jpg 164w, https:\/\/oknarener.sk\/m22_content\/uploads\/2019\/05\/izolacne-trojsklo-245x450.jpg 245w\" sizes=\"(max-width: 225px) 100vw, 225px\" \/><\/figure>\n<\/div>\n\n\n\n<div class=\"wp-block-column is-layout-flow\">\n<p>A szigetel\u0151 h\u00e1rmas \u00fcvegez\u00e9s 4\/16\/4\/14\/6-os \u00f6sszet\u00e9telben azt hat\u00e1rozza meg, hogy az els\u0151 \u00fcvegt\u00e1bla vastags\u00e1ga 4 mm, a t\u00e1vols\u00e1gkeret 16 mm sz\u00e9les, a k\u00f6z\u00e9ps\u0151 \u00fcvegt\u00e1bla 4 mm vastag, a m\u00e1sodik t\u00e1vols\u00e1gkeret 14 mm sz\u00e9les \u00e9s a harmadik \u00fcvegt\u00e1bla 6 mm vastag. Ez\u00e1ltal a h\u00e1rmas \u00fcvegez\u00e9s 44 mm vastag. <\/p>\n\n\n\n<h3 class=\"wp-block-heading\"><strong>Hogyan k\u00e9sz\u00fcl a szigetel\u0151\u00fcveg <\/strong><\/h3>\n\n\n\n<iframe loading=\"lazy\" width=\"560\" height=\"315\" src=\"https:\/\/www.youtube.com\/embed\/jMoL9vNM05Y\" allowfullscreen=\"\"><\/iframe>\n<\/div>\n<\/div>\n\n\n\n<h3 class=\"wp-block-heading\"><br><br><strong>A szigetel\u0151\u00fcveg legfontosabb fogalmai<\/strong><\/h3>\n\n\n\n<ul><li><strong>Ug \u2013 a szigetel\u0151 \u00fcveg h\u0151\u00e1tenged\u00e9si t\u00e9nyez\u0151je <\/strong><br>W\/(m2K)-ben adj\u00e1k meg \u00e9s kifejezi, hogy 1 m2-nyi szigetel\u0151 \u00fcvegen 1 Kelvin (esetleg 1\u00b0C) h\u0151m\u00e9rs\u00e9kletv\u00e1ltoz\u00e1s eset\u00e9n mennyi h\u0151 t\u00e1vozik. Min\u00e9l alacsonyabb ez a sz\u00e1m, a szigetel\u0151 \u00fcveg ann\u00e1l jobb h\u0151szigetel\u0151 tulajdons\u00e1gokkal rendelkezik. <\/li><li><strong>g \u2013 az \u00fcveg napt\u00e9nyez\u0151je <\/strong><br>Az \u00fcveg napt\u00e9nyez\u0151je meghat\u00e1rozza, hogy a napf\u00e9nyt\u0151l mennyi energia ker\u00fcl a belt\u00e9rbe meleg form\u00e1j\u00e1ban. Egyenes ar\u00e1ny van \u00e9rv\u00e9nyben &#8211; min\u00e9l t\u00f6bb, a k\u00f6zvetlen napf\u00e9ny ann\u00e1l jobban felmeleg\u00edti a belteret. <\/li><li><strong>LT \u2013 f\u00e9ny\u00e1tereszt\u00e9s<\/strong> <br>A f\u00e9ny\u00e1tereszt\u00e9si \u00e9rt\u00e9k a l\u00e1that\u00f3 f\u00e9nysug\u00e1rban (380-780 nm) l\u00e9v\u0151 napf\u00e9ny sz\u00e1zal\u00e9kos ar\u00e1ny\u00e1t jelzi, amely a k\u00edv\u00fclr\u0151l a belt\u00e9rbe ker\u00fcl. Az \u00e9rt\u00e9k az \u00fcvegez\u00e9s vastags\u00e1g\u00e1t\u00f3l, az \u00fcvegt\u00e1bla \u00f6sszet\u00e9tel\u00e9t\u0151l, valamint a r\u00e9tegelt r\u00e9tegt\u0151l f\u00fcgg. Az LT \u00e9rt\u00e9k min\u00e9l magasabb, a szigetel\u0151 \u00fcveg ann\u00e1l t\u00f6bb f\u00e9nyt enged be a belt\u00e9rbe. <\/li><li><strong>Rw \u2013 hangszigetel\u0151 t\u00e9nyez\u0151 <\/strong><br>Gyakran hang- vagy a leveg\u0151ben lev\u0151 hangszigetel\u00e9snek is nevezik. Decibelben (dB) adj\u00e1k meg \u00e9s az ablakok a k\u00fcls\u0151 zaj enyh\u00edt\u00e9s\u00e9nek k\u00e9pess\u00e9g\u00e9t fejezi ki. Min\u00e9l magasabb a szigetel\u0151\u00fcveg t\u00e9nyez\u0151je, ann\u00e1l jobbak a hangszigetel\u0151 tulajdons\u00e1gok \u00e9s ann\u00e1l kevesebb zaj jut a helyis\u00e9gbe. <\/li><\/ul>\n\n\n\n<h3 class=\"wp-block-heading\"><br><br> Biztons\u00e1gi \u00fcvegek<br><br><\/h3>\n\n\n\n<div class=\"wp-block-columns has-2-columns is-layout-flex wp-container-6\">\n<div class=\"wp-block-column is-layout-flow\">\n<h4 class=\"wp-block-heading\">R\u00e9tegezett biztons\u00e1gi \u00fcveg (VSG)<br><\/h4>\n\n\n\n<figure class=\"wp-block-image\"><img decoding=\"async\" loading=\"lazy\" width=\"450\" height=\"250\" src=\"\/m22_content\/uploads\/2019\/05\/vrstvene-bezpecnostne-sklo.jpg\" alt=\"\" class=\"wp-image-712\" srcset=\"https:\/\/oknarener.sk\/m22_content\/uploads\/2019\/05\/vrstvene-bezpecnostne-sklo.jpg 450w, https:\/\/oknarener.sk\/m22_content\/uploads\/2019\/05\/vrstvene-bezpecnostne-sklo-300x167.jpg 300w\" sizes=\"(max-width: 450px) 100vw, 450px\" \/><\/figure>\n<\/div>\n\n\n\n<div class=\"wp-block-column is-layout-flow\">\n<p><br>K\u00e9t vagy t\u00f6bb \u00fcvegt\u00e1bla \u00f6sszekapcsol\u00e1s\u00e1val gy\u00e1rt\u00e1k t\u00f6bb r\u00e9teg\u0171 PVB f\u00f3lia seg\u00edts\u00e9g\u00e9vel. Arra a magas szil\u00e1rds\u00e1g, tapad\u00e1s \u00e9s rugalmass\u00e1g jellemz\u0151. Ha \u00f6sszet\u00f6rik az \u00fcveg, akkor az \u00fcvegszil\u00e1nkok r\u00e1tapadnak a f\u00f3li\u00e1ra, nem esnek ki \u00e9s nem jelent vesz\u00e9lyt az eg\u00e9szs\u00e9gre.<\/p>\n\n\n\n<p>A f\u00f3lia tov\u00e1bb\u00e1 megakad\u00e1lyozza, hogy az \u00f6sszet\u00f6rt \u00fcvegen szem\u00e9ly vagy t\u00e1rgy jusson be, ez\u00e9rt a VSG \u00fcvegeket mennyezeti \u00fcvegez\u00e9shez \u00e9s bet\u00f6r\u00e9sbiztons\u00e1g n\u00f6vel\u00e9s\u00e9hez haszn\u00e1lj\u00e1k.<\/p>\n<\/div>\n<\/div>\n\n\n\n<div class=\"wp-block-columns has-2-columns is-layout-flex wp-container-9\">\n<div class=\"wp-block-column is-layout-flow\">\n<h4 class=\"wp-block-heading\">Edzett biztons\u00e1gi \u00fcveg (ESG)<\/h4>\n\n\n\n<figure class=\"wp-block-image\"><img decoding=\"async\" loading=\"lazy\" width=\"450\" height=\"250\" src=\"\/m22_content\/uploads\/2019\/05\/tvrdene-bezpecnostne-sklo.jpg\" alt=\"\" class=\"wp-image-714\" srcset=\"https:\/\/oknarener.sk\/m22_content\/uploads\/2019\/05\/tvrdene-bezpecnostne-sklo.jpg 450w, https:\/\/oknarener.sk\/m22_content\/uploads\/2019\/05\/tvrdene-bezpecnostne-sklo-300x167.jpg 300w\" sizes=\"(max-width: 450px) 100vw, 450px\" \/><\/figure>\n<\/div>\n\n\n\n<div class=\"wp-block-column is-layout-flow\">\n<p><br>Edzett \u00fcvegnek is nevezik. A gy\u00e1rt\u00e1s folyam\u00e1n az \u00fcveglapot magas h\u0151m\u00e9rs\u00e9kletre hev\u00edtik, majd gyorsan leh\u0171tik. Ez\u00e1ltal az \u00fcveg nagyobb szil\u00e1rds\u00e1got, \u00fct\u00e9s\u00e1ll\u00f3s\u00e1got \u00e9s a gyors h\u0151m\u00e9rs\u00e9kletv\u00e1ltoz\u00e1s elleni ellen\u00e1ll\u00f3s\u00e1got nyer. Ha azonban ennek ellen\u00e9re \u00f6sszet\u00f6rik, akkor kis darabokra t\u00f6rik \u00e9s nem jelent s\u00e9r\u00fcl\u00e9svesz\u00e9lyt. <\/p>\n<\/div>\n<\/div>\n\n\n\n<h3 class=\"wp-block-heading\"><br><br> Ornament \u00fcveg<\/h3>\n\n\n\n<p>Vannak helyis\u00e9gek, melyeknek meg kell \u0151rizni a mag\u00e1nszf\u00e9r\u00e1j\u00e1t, viszont a nappali f\u00e9nyt\u0151l nem sz\u00edvesen v\u00e1lunk meg. Ilyen p\u00e9ld\u00e1ul a f\u00fcrd\u0151szoba vagy az el\u0151csarnok.<\/p>\n\n\n\n<p>Ilyen esetben az ablakba vagy az ajt\u00f3ba olyan szigetel\u0151 \u00fcveget v\u00e1lasszon, hogy az egyik \u00fcvegt\u00e1ba ornament \u00fcvegb\u0151l van. A k\u00edn\u00e1latunkban k\u00fcl\u00f6nb\u00f6z\u0151 mint\u00e1kat tal\u00e1lnak, az \u00e1tl\u00e1that\u00f3s\u00e1g k\u00fcl\u00f6nb\u00f6z\u0151 szintjeivel. <\/p>\n\n\n\n<div class=\"wp-block-columns has-3-columns is-layout-flex wp-container-13\">\n<div class=\"wp-block-column is-layout-flow\">\n<figure class=\"wp-block-image alignwide\"><img decoding=\"async\" loading=\"lazy\" width=\"800\" height=\"597\" src=\"\/m22_content\/uploads\/2019\/05\/sklo_01.jpg\" alt=\"\" class=\"wp-image-718\" srcset=\"https:\/\/oknarener.sk\/m22_content\/uploads\/2019\/05\/sklo_01.jpg 800w, https:\/\/oknarener.sk\/m22_content\/uploads\/2019\/05\/sklo_01-300x224.jpg 300w, https:\/\/oknarener.sk\/m22_content\/uploads\/2019\/05\/sklo_01-768x573.jpg 768w, https:\/\/oknarener.sk\/m22_content\/uploads\/2019\/05\/sklo_01-603x450.jpg 603w, https:\/\/oknarener.sk\/m22_content\/uploads\/2019\/05\/sklo_01-737x550.jpg 737w\" sizes=\"(max-width: 800px) 100vw, 800px\" \/><figcaption> \u010crepiny 504 <\/figcaption><\/figure>\n<\/div>\n\n\n\n<div class=\"wp-block-column is-layout-flow\">\n<figure class=\"wp-block-image alignwide\"><img decoding=\"async\" loading=\"lazy\" width=\"800\" height=\"600\" src=\"\/m22_content\/uploads\/2019\/05\/sklo_02.jpg\" alt=\"\" class=\"wp-image-720\" srcset=\"https:\/\/oknarener.sk\/m22_content\/uploads\/2019\/05\/sklo_02.jpg 800w, https:\/\/oknarener.sk\/m22_content\/uploads\/2019\/05\/sklo_02-300x225.jpg 300w, https:\/\/oknarener.sk\/m22_content\/uploads\/2019\/05\/sklo_02-768x576.jpg 768w, https:\/\/oknarener.sk\/m22_content\/uploads\/2019\/05\/sklo_02-600x450.jpg 600w, https:\/\/oknarener.sk\/m22_content\/uploads\/2019\/05\/sklo_02-733x550.jpg 733w\" sizes=\"(max-width: 800px) 100vw, 800px\" \/><figcaption>Altdeutsch biely <\/figcaption><\/figure>\n<\/div>\n\n\n\n<div class=\"wp-block-column is-layout-flow\">\n<figure class=\"wp-block-image alignwide\"><img decoding=\"async\" loading=\"lazy\" width=\"800\" height=\"601\" src=\"\/m22_content\/uploads\/2019\/05\/sklo_03.jpg\" alt=\"\" class=\"wp-image-722\" srcset=\"https:\/\/oknarener.sk\/m22_content\/uploads\/2019\/05\/sklo_03.jpg 800w, https:\/\/oknarener.sk\/m22_content\/uploads\/2019\/05\/sklo_03-300x225.jpg 300w, https:\/\/oknarener.sk\/m22_content\/uploads\/2019\/05\/sklo_03-768x577.jpg 768w, https:\/\/oknarener.sk\/m22_content\/uploads\/2019\/05\/sklo_03-599x450.jpg 599w, https:\/\/oknarener.sk\/m22_content\/uploads\/2019\/05\/sklo_03-732x550.jpg 732w\" sizes=\"(max-width: 800px) 100vw, 800px\" \/><figcaption> Dubov\u00e1 k\u00f4ra biela <\/figcaption><\/figure>\n<\/div>\n<\/div>\n\n\n\n<div class=\"wp-block-columns has-3-columns is-layout-flex wp-container-17\">\n<div class=\"wp-block-column is-layout-flow\">\n<figure class=\"wp-block-image alignwide\"><img decoding=\"async\" loading=\"lazy\" width=\"800\" height=\"600\" src=\"\/m22_content\/uploads\/2019\/05\/sklo_04.jpg\" alt=\"\" class=\"wp-image-724\" srcset=\"https:\/\/oknarener.sk\/m22_content\/uploads\/2019\/05\/sklo_04.jpg 800w, https:\/\/oknarener.sk\/m22_content\/uploads\/2019\/05\/sklo_04-300x225.jpg 300w, https:\/\/oknarener.sk\/m22_content\/uploads\/2019\/05\/sklo_04-768x576.jpg 768w, https:\/\/oknarener.sk\/m22_content\/uploads\/2019\/05\/sklo_04-600x450.jpg 600w, https:\/\/oknarener.sk\/m22_content\/uploads\/2019\/05\/sklo_04-733x550.jpg 733w\" sizes=\"(max-width: 800px) 100vw, 800px\" \/><figcaption> \u010cin\u010dilla biela<\/figcaption><\/figure>\n<\/div>\n\n\n\n<div class=\"wp-block-column is-layout-flow\">\n<figure class=\"wp-block-image alignwide\"><img decoding=\"async\" loading=\"lazy\" width=\"800\" height=\"600\" src=\"\/m22_content\/uploads\/2019\/05\/sklo_05.jpg\" alt=\"\" class=\"wp-image-726\" srcset=\"https:\/\/oknarener.sk\/m22_content\/uploads\/2019\/05\/sklo_05.jpg 800w, https:\/\/oknarener.sk\/m22_content\/uploads\/2019\/05\/sklo_05-300x225.jpg 300w, https:\/\/oknarener.sk\/m22_content\/uploads\/2019\/05\/sklo_05-768x576.jpg 768w, https:\/\/oknarener.sk\/m22_content\/uploads\/2019\/05\/sklo_05-600x450.jpg 600w, https:\/\/oknarener.sk\/m22_content\/uploads\/2019\/05\/sklo_05-733x550.jpg 733w\" sizes=\"(max-width: 800px) 100vw, 800px\" \/><figcaption> Kathedral biely<br><\/figcaption><\/figure>\n<\/div>\n\n\n\n<div class=\"wp-block-column is-layout-flow\">\n<figure class=\"wp-block-image alignwide\"><img decoding=\"async\" loading=\"lazy\" width=\"800\" height=\"600\" src=\"\/m22_content\/uploads\/2019\/05\/sklo_06.jpg\" alt=\"\" class=\"wp-image-728\" srcset=\"https:\/\/oknarener.sk\/m22_content\/uploads\/2019\/05\/sklo_06.jpg 800w, https:\/\/oknarener.sk\/m22_content\/uploads\/2019\/05\/sklo_06-300x225.jpg 300w, https:\/\/oknarener.sk\/m22_content\/uploads\/2019\/05\/sklo_06-768x576.jpg 768w, https:\/\/oknarener.sk\/m22_content\/uploads\/2019\/05\/sklo_06-600x450.jpg 600w, https:\/\/oknarener.sk\/m22_content\/uploads\/2019\/05\/sklo_06-733x550.jpg 733w\" sizes=\"(max-width: 800px) 100vw, 800px\" \/><figcaption>Konfeta 536<\/figcaption><\/figure>\n<\/div>\n<\/div>\n\n\n\n<div class=\"wp-block-columns has-3-columns is-layout-flex wp-container-21\">\n<div class=\"wp-block-column is-layout-flow\">\n<figure class=\"wp-block-image alignwide\"><img decoding=\"async\" loading=\"lazy\" width=\"800\" height=\"588\" src=\"\/m22_content\/uploads\/2019\/05\/sklo_07.jpg\" alt=\"\" class=\"wp-image-731\" srcset=\"https:\/\/oknarener.sk\/m22_content\/uploads\/2019\/05\/sklo_07.jpg 800w, https:\/\/oknarener.sk\/m22_content\/uploads\/2019\/05\/sklo_07-300x221.jpg 300w, https:\/\/oknarener.sk\/m22_content\/uploads\/2019\/05\/sklo_07-768x564.jpg 768w, https:\/\/oknarener.sk\/m22_content\/uploads\/2019\/05\/sklo_07-612x450.jpg 612w, https:\/\/oknarener.sk\/m22_content\/uploads\/2019\/05\/sklo_07-748x550.jpg 748w\" sizes=\"(max-width: 800px) 100vw, 800px\" \/><figcaption>Madera biela<\/figcaption><\/figure>\n<\/div>\n\n\n\n<div class=\"wp-block-column is-layout-flow\">\n<figure class=\"wp-block-image alignwide\"><img decoding=\"async\" loading=\"lazy\" width=\"800\" height=\"589\" src=\"\/m22_content\/uploads\/2019\/05\/sklo_08.jpg\" alt=\"\" class=\"wp-image-733\" srcset=\"https:\/\/oknarener.sk\/m22_content\/uploads\/2019\/05\/sklo_08.jpg 800w, https:\/\/oknarener.sk\/m22_content\/uploads\/2019\/05\/sklo_08-300x221.jpg 300w, https:\/\/oknarener.sk\/m22_content\/uploads\/2019\/05\/sklo_08-768x565.jpg 768w, https:\/\/oknarener.sk\/m22_content\/uploads\/2019\/05\/sklo_08-611x450.jpg 611w, https:\/\/oknarener.sk\/m22_content\/uploads\/2019\/05\/sklo_08-747x550.jpg 747w\" sizes=\"(max-width: 800px) 100vw, 800px\" \/><figcaption> Satinato<\/figcaption><\/figure>\n<\/div>\n\n\n\n<div class=\"wp-block-column is-layout-flow\">\n<figure class=\"wp-block-image alignwide\"><img decoding=\"async\" loading=\"lazy\" width=\"800\" height=\"596\" src=\"\/m22_content\/uploads\/2019\/05\/sklo_09.jpg\" alt=\"\" class=\"wp-image-735\" srcset=\"https:\/\/oknarener.sk\/m22_content\/uploads\/2019\/05\/sklo_09.jpg 800w, https:\/\/oknarener.sk\/m22_content\/uploads\/2019\/05\/sklo_09-300x224.jpg 300w, https:\/\/oknarener.sk\/m22_content\/uploads\/2019\/05\/sklo_09-768x572.jpg 768w, https:\/\/oknarener.sk\/m22_content\/uploads\/2019\/05\/sklo_09-604x450.jpg 604w, https:\/\/oknarener.sk\/m22_content\/uploads\/2019\/05\/sklo_09-738x550.jpg 738w\" sizes=\"(max-width: 800px) 100vw, 800px\" \/><figcaption>Silvit biele<\/figcaption><\/figure>\n<\/div>\n<\/div>\n\n\n\n<p><br><br><\/p>\n\n\n\n<div class=\"wp-block-image\"><figure class=\"aligncenter\"><img decoding=\"async\" loading=\"lazy\" width=\"746\" height=\"617\" src=\"\/m22_content\/uploads\/2019\/05\/glass2.jpg\" alt=\"\" class=\"wp-image-737\" srcset=\"https:\/\/oknarener.sk\/m22_content\/uploads\/2019\/05\/glass2.jpg 746w, https:\/\/oknarener.sk\/m22_content\/uploads\/2019\/05\/glass2-300x248.jpg 300w, https:\/\/oknarener.sk\/m22_content\/uploads\/2019\/05\/glass2-544x450.jpg 544w, https:\/\/oknarener.sk\/m22_content\/uploads\/2019\/05\/glass2-665x550.jpg 665w\" sizes=\"(max-width: 746px) 100vw, 746px\" \/><\/figure><\/div>\n","protected":false},"excerpt":{"rendered":"<p>Szigetel\u0151\u00fcveg A szigetel\u0151\u00fcveg fogalma alatt a h\u00e1rmas \u00fcvegez\u00e9st (esetleg dupla\u00fcvegez\u00e9st) \u00e9rtj\u00fck, amire speci\u00e1lis technikai \u00e9rt\u00e9kek jellemz\u0151k a h\u0151szigetel\u00e9s, a zajv\u00e9delem \u00e9s a biztons\u00e1g meghat\u00e1rozott szintj\u00e9n. Az egyes \u00fcvegt\u00e1bl\u00e1k k\u00fcl\u00f6nb\u00f6z\u0151 vastags\u00e1g\u00faak &#8230;<\/p>\n","protected":false},"featured_media":729,"template":"","product_categories":[27],"acf":[],"_links":{"self":[{"href":"https:\/\/oknarener.sk\/hu\/wp-json\/wp\/v2\/product\/1017"}],"collection":[{"href":"https:\/\/oknarener.sk\/hu\/wp-json\/wp\/v2\/product"}],"about":[{"href":"https:\/\/oknarener.sk\/hu\/wp-json\/wp\/v2\/types\/product"}],"version-history":[{"count":0,"href":"https:\/\/oknarener.sk\/hu\/wp-json\/wp\/v2\/product\/1017\/revisions"}],"wp:featuredmedia":[{"embeddable":true,"href":"https:\/\/oknarener.sk\/hu\/wp-json\/wp\/v2\/media\/729"}],"wp:attachment":[{"href":"https:\/\/oknarener.sk\/hu\/wp-json\/wp\/v2\/media?parent=1017"}],"wp:term":[{"taxonomy":"product_categories","embeddable":true,"href":"https:\/\/oknarener.sk\/hu\/wp-json\/wp\/v2\/product_categories?post=1017"}],"curies":[{"name":"wp","href":"https:\/\/api.w.org\/{rel}","templated":true}]}}