{"id":957,"date":"2019-05-07T12:04:34","date_gmt":"2019-05-07T12:04:34","guid":{"rendered":"http:\/\/oknarener.22media.sk\/produkty\/hlinikove-okno-slovaktual-w-65\/"},"modified":"2019-05-31T09:36:21","modified_gmt":"2019-05-31T09:36:21","slug":"slovaktual-w-65-aluminium-ablak","status":"publish","type":"product","link":"https:\/\/oknarener.sk\/hu\/produkty\/slovaktual-w-65-aluminium-ablak\/","title":{"rendered":"Slovaktual W 65 alum\u00ednium ablak"},"content":{"rendered":"\n<div class=\"wp-block-columns has-2-columns is-layout-flex wp-container-3\">\n<div class=\"wp-block-column is-layout-flow\">\n<figure class=\"wp-block-image\"><img decoding=\"async\" loading=\"lazy\" width=\"498\" height=\"700\" src=\"\/m22_content\/uploads\/2019\/05\/W65_ocislovane.png\" alt=\"\" class=\"wp-image-480\" srcset=\"https:\/\/oknarener.sk\/m22_content\/uploads\/2019\/05\/W65_ocislovane.png 498w, https:\/\/oknarener.sk\/m22_content\/uploads\/2019\/05\/W65_ocislovane-213x300.png 213w, https:\/\/oknarener.sk\/m22_content\/uploads\/2019\/05\/W65_ocislovane-320x450.png 320w, https:\/\/oknarener.sk\/m22_content\/uploads\/2019\/05\/W65_ocislovane-391x550.png 391w\" sizes=\"(max-width: 498px) 100vw, 498px\" \/><\/figure>\n<\/div>\n\n\n\n<div class=\"wp-block-column is-layout-flow\">\n<ol><li><strong>Profilrendszer:<\/strong> A szil\u00e1rd \u00e9s stabil 3-kamr\u00e1s profil, valamint a 65 mm-es be\u00e9p\u00edt\u00e9sei m\u00e9lys\u00e9g legink\u00e1bb a helyre\u00e1ll\u00edt\u00e1shoz alkalmas. <\/li><li><strong>Fel\u00fcleti kezel\u00e9s:<\/strong> A speci\u00e1lis porbevonat a sz\u00edn\u00e1rnyalatok \u00e9s a f\u00e9nyess\u00e9g hossz\u00fa t\u00e1v\u00fa tart\u00f3ss\u00e1g\u00e1t biztos\u00edtja. Lehet v\u00e1lasztani sz\u00ednes lamin\u00e1l\u00e1st vagy fadekort.<\/li><li><strong>H\u0151szigetel\u0151 \u00fcveg:<\/strong> Az ablakba ak\u00e1r 58 mm vastag h\u0151szigetel\u0151 vagy hangszigetel\u0151 \u00fcveg tehet\u0151.<\/li><li><strong>H\u0151t\u00e1vtart\u00f3 keret:<\/strong> A t\u00e1vtart\u00f3 keret megakad\u00e1lyozza a szigetel\u0151g\u00e1z sziv\u00e1rg\u00e1s\u00e1t az \u00fcvegez\u00e9sb\u0151l \u00e9s egyben megakad\u00e1lyozza a v\u00edzp\u00e1ra besziv\u00e1rg\u00e1s\u00e1t. Jelent\u0151sen korl\u00e1tozza a termikus hidakat.<\/li><\/ol>\n<\/div>\n<\/div>\n\n\n\n<p><\/p>\n","protected":false},"excerpt":{"rendered":"<p>Alum\u00ednium ablakrendszer 65 mm be\u00e9p\u00edt\u00e9si m\u00e9lys\u00e9ggel. A magas stabilit\u00e1s\u00e1nak \u00e9s h\u0151szigetel\u0151 \u00e9rt\u00e9k\u00e9nek k\u00f6sz\u00f6nhet\u0151en t\u00f6k\u00e9letes v\u00e1laszt\u00e1s polifunkci\u00f3s-, ipari- vagy adminisztr\u00e1ci\u00f3s \u00e9p\u00fcletek fel\u00faj\u00edt\u00e1sa sor\u00e1n.<\/p>\n","protected":false},"featured_media":491,"template":"","product_categories":[24],"acf":[],"_links":{"self":[{"href":"https:\/\/oknarener.sk\/hu\/wp-json\/wp\/v2\/product\/957"}],"collection":[{"href":"https:\/\/oknarener.sk\/hu\/wp-json\/wp\/v2\/product"}],"about":[{"href":"https:\/\/oknarener.sk\/hu\/wp-json\/wp\/v2\/types\/product"}],"version-history":[{"count":0,"href":"https:\/\/oknarener.sk\/hu\/wp-json\/wp\/v2\/product\/957\/revisions"}],"wp:featuredmedia":[{"embeddable":true,"href":"https:\/\/oknarener.sk\/hu\/wp-json\/wp\/v2\/media\/491"}],"wp:attachment":[{"href":"https:\/\/oknarener.sk\/hu\/wp-json\/wp\/v2\/media?parent=957"}],"wp:term":[{"taxonomy":"product_categories","embeddable":true,"href":"https:\/\/oknarener.sk\/hu\/wp-json\/wp\/v2\/product_categories?post=957"}],"curies":[{"name":"wp","href":"https:\/\/api.w.org\/{rel}","templated":true}]}}